{"id":1137,"date":"2015-08-11T06:16:34","date_gmt":"2015-08-11T06:16:34","guid":{"rendered":"http:\/\/dentall.stylemixthemes.com\/demo\/?page_id=2"},"modified":"2024-04-05T19:13:15","modified_gmt":"2024-04-05T19:13:15","slug":"home","status":"publish","type":"page","link":"https:\/\/www.radixradiologia.com\/web\/","title":{"rendered":"HOME"},"content":{"rendered":"<p>[vc_row full_width=&#8221;stretch_row_content&#8221; css=&#8221;.vc_custom_1712342341688{margin-bottom: 0px !important;}&#8221;][vc_column][rev_slider_vc alias=&#8221;main_slider&#8221;][\/vc_column][\/vc_row][vc_row el_class=&#8221;overflowed_content&#8221; css=&#8221;.vc_custom_1439880673570{margin-bottom: 0px !important;}&#8221;][vc_column width=&#8221;1\/3&#8243; css=&#8221;.vc_custom_1439878727322{margin-top: -100px !important;padding-right: 0px !important;}&#8221;][stm_icon_box icon=&#8221;stm-icon-dental-drill&#8221; style=&#8221;icon_right&#8221; icon_size=&#8221;90&#8243; animation=&#8221;enable&#8221; icon_width=&#8221;100&#8243; title=&#8221;ESPECIALIDADES&#8221; css=&#8221;.vc_custom_1542729129723{padding-top: 45px !important;padding-right: 40px !important;padding-bottom: 45px !important;padding-left: 40px !important;background-color: #15355b !important;}&#8221; link=&#8221;url:http%3A%2F%2Fwww.agenciakrea.cl%2Fproyectos%2Fradix%2Fservices%2F|title:Especialidades||&#8221;]<\/p>\n<p class=\"p1\">Conoce nuestras especialidades cl\u00ednicas<\/p>\n<p>[\/stm_icon_box][\/vc_column][vc_column width=&#8221;1\/3&#8243; css=&#8221;.vc_custom_1439878731029{margin-top: -100px !important;padding-right: 0px !important;padding-left: 0px !important;}&#8221;][stm_icon_box icon=&#8221;stm-icon-tooth-4&#8243; style=&#8221;icon_right&#8221; icon_size=&#8221;90&#8243; animation=&#8221;enable&#8221; title=&#8221;TECNOLOG\u00cdA&#8221; css=&#8221;.vc_custom_1542729175396{padding-top: 45px !important;padding-right: 40px !important;padding-bottom: 45px !important;padding-left: 40px !important;background-color: #4e6575 !important;}&#8221; link=&#8221;url:http%3A%2F%2Fwww.agenciakrea.cl%2Fproyectos%2Fradix%2Fprices%2F|||&#8221;]<\/p>\n<p class=\"p1\">Contamos con el respaldo.<\/p>\n<p>[\/stm_icon_box][\/vc_column][vc_column width=&#8221;1\/3&#8243; css=&#8221;.vc_custom_1439878734259{margin-top: -100px !important;padding-left: 0px !important;}&#8221;][stm_icon_box icon=&#8221;stm-icon-map-marker&#8221; style=&#8221;icon_right&#8221; icon_size=&#8221;90&#8243; animation=&#8221;enable&#8221; title=&#8221;SUCURSALES&#8221; css=&#8221;.vc_custom_1542122360129{padding-top: 45px !important;padding-right: 40px !important;padding-bottom: 45px !important;padding-left: 40px !important;background-color: #0098d7 !important;}&#8221; link=&#8221;url:%2Fservice%2Finvislign%2F||&#8221;]<\/p>\n<p class=\"p1\">En Providencia y Las Condes.<\/p>\n<p>[\/stm_icon_box][\/vc_column][\/vc_row][vc_row css=&#8221;.vc_custom_1541637027191{margin-bottom: 0px !important;}&#8221; el_class=&#8221;table_block&#8221;][vc_column width=&#8221;2\/3&#8243; css=&#8221;.vc_custom_1443254508274{padding-top: 50px !important;padding-bottom: 50px !important;}&#8221;][vc_custom_heading text=&#8221;Sobre Nosotros&#8221; font_container=&#8221;tag:h2|text_align:left|color:%234c4c4c|line_height:conoce%20a%20nuestro%20socio%20fundador&#8221; use_theme_fonts=&#8221;yes&#8221; css=&#8221;.vc_custom_1541620736169{margin-bottom: 20px !important;}&#8221;][vc_custom_heading text=&#8221;Conoce a nuestro socio fundador&#8221; font_container=&#8221;tag:div|font_size:30px|text_align:left|color:%23c2c2c2|line_height:40px&#8221; google_fonts=&#8221;font_family:Playfair%20Display%3Aregular%2Citalic%2C700%2C700italic%2C900%2C900italic|font_style:400%20italic%3A400%3Aitalic&#8221; css=&#8221;.vc_custom_1541615605063{margin-bottom: 30px !important;}&#8221;][vc_column_text]<\/p>\n<figure id=\"attachment_1498\" aria-describedby=\"caption-attachment-1498\" style=\"width: 296px\" class=\"wp-caption alignleft\"><img loading=\"lazy\" decoding=\"async\" class=\"wp-image-1498 size-full\" src=\"https:\/\/www.radixradiologia.com\/web\/wp-content\/uploads\/2024\/04\/jorge-bianchi-296x300-1.jpg\" alt=\"DR. JORGE BIACHI GEISSE, MMSc\" width=\"296\" height=\"300\" \/><figcaption id=\"caption-attachment-1498\" class=\"wp-caption-text\">DR. JORGE BIACHI GEISSE, MMSc Radi\u00f3logo Maxilofacial Harvard School of Dental Medicine Director y socio fundador de Cl\u00ednica Radix<\/figcaption><\/figure>\n<p><span style=\"color: #333333;\">Somos una empresa de radiolog\u00eda dental y maxilofacial, comprometida con estudios de im\u00e1genes avanzados para el diagn\u00f3stico odontol\u00f3gico.<\/span><\/p>\n<p><span style=\"color: #333333;\">Desde hace 13 a\u00f1os, trabajamos para lograr la m\u00e1xima calidad en el diagn\u00f3stico por im\u00e1genes del \u00e1rea dento-maxilo facial, con la constante actualizaci\u00f3n de los equipos y de nuestro personal, compuesto por especialistas altamente capacitados.<\/span>[\/vc_column_text][vc_btn title=&#8221;Conoce m\u00e1s de RADIX&#8221; style=&#8221;classic&#8221; color=&#8221;primary&#8221; size=&#8221;sm&#8221; i_icon_fontawesome=&#8221;stm-icon-angle-right&#8221; add_icon=&#8221;true&#8221;][\/vc_column][vc_column width=&#8221;1\/3&#8243; css=&#8221;.vc_custom_1541636229559{padding-top: 50px !important;padding-right: 90px !important;padding-bottom: 70px !important;padding-left: 90px !important;background-color: #f6f6f6 !important;}&#8221;][vc_custom_heading text=&#8221;Nuestras alianzas tecnol\u00f3gicas&#8221; font_container=&#8221;tag:div|font_size:30px|text_align:left|color:%23c2c2c2|line_height:40px&#8221; google_fonts=&#8221;font_family:Playfair%20Display%3Aregular%2Citalic%2C700%2C700italic%2C900%2C900italic|font_style:400%20italic%3A400%3Aitalic&#8221; css=&#8221;.vc_custom_1541701509798{margin-bottom: 30px !important;}&#8221;][vc_column_text]Contamos con la m\u00e1s alta tecnolog\u00eda norteamericana, lo que nos permite obtener los mejores resultados para todos nuestros clientes.[\/vc_column_text][stm_image_carousel images_to_show=&#8221;3&#8243; images_to_show_tablet=&#8221;4&#8243; images_to_show_mobile=&#8221;3&#8243; images=&#8221;1249,1250,1251&#8243; title_color=&#8221;#4c4c4c&#8221;][\/vc_column][\/vc_row][vc_row full_width=&#8221;stretch_row&#8221; css=&#8221;.vc_custom_1443254699136{margin-bottom: 0px !important;padding-top: 60px !important;padding-bottom: 40px !important;}&#8221; el_class=&#8221;base_background_color&#8221;][vc_column][vc_empty_space height=&#8221;70px&#8221;][vc_custom_heading text=&#8221;Nuestras Ventajas&#8221; font_container=&#8221;tag:h2|text_align:left|color:%23ffffff&#8221; use_theme_fonts=&#8221;yes&#8221; css=&#8221;.vc_custom_1542635006221{margin-bottom: 70px !important;}&#8221;][vc_row_inner][vc_column_inner width=&#8221;1\/2&#8243; offset=&#8221;vc_col-lg-3 vc_col-md-3&#8243; css=&#8221;.vc_custom_1443254710022{padding-bottom: 40px !important;}&#8221;][stm_icon_box title_font_size=&#8221;24&#8243; title_font_weight=&#8221;300&#8243; icon=&#8221;stm-icon-sertificate&#8221; icon_size=&#8221;63&#8243; icon_height=&#8221;90&#8243; title=&#8221;Especialistas certificados&#8221;]<\/p>\n<p class=\"p1\"><span style=\"color: rgba(255,255,255,0.5); font-weight: 400;\">Las radiograf\u00edas hechas por acreditados radi\u00f3logos es la s\u00edntesis de nuestro compromiso con la excelencia y el respeto por nuestros colegas y pacientes.<\/span><\/p>\n<p>[\/stm_icon_box][\/vc_column_inner][vc_column_inner width=&#8221;1\/2&#8243; offset=&#8221;vc_col-lg-3 vc_col-md-3&#8243; css=&#8221;.vc_custom_1443254718746{padding-bottom: 40px !important;}&#8221;][stm_icon_box title_font_size=&#8221;24&#8243; title_font_weight=&#8221;300&#8243; icon=&#8221;stm-icon-tooth-4&#8243; icon_size=&#8221;63&#8243; icon_height=&#8221;90&#8243; title=&#8221;Usamos tecnolog\u00eda innovadora&#8221;]<\/p>\n<p class=\"p1\"><span style=\"color: rgba(255,255,255,0.5); font-weight: 400;\">Todas las t\u00e9cnicas Radiogr\u00e1ficas intra y extraorales son realizadas con equipos digitales de \u00faltima generaci\u00f3n e impresoras de pel\u00edculas m\u00e9dicas.<br \/>\n<\/span><\/p>\n<p>[\/stm_icon_box][\/vc_column_inner][vc_column_inner width=&#8221;1\/2&#8243; css=&#8221;.vc_custom_1443254731860{padding-bottom: 40px !important;}&#8221; offset=&#8221;vc_col-lg-3 vc_col-md-3&#8243;][stm_icon_box title_font_size=&#8221;24&#8243; title_font_weight=&#8221;300&#8243; icon=&#8221;stm-icon-tooth-5&#8243; icon_size=&#8221;54&#8243; icon_height=&#8221;90&#8243; title=&#8221;Servicios<br \/>\nGarantizados&#8221;]<\/p>\n<p class=\"p1\"><span style=\"color: rgba(255,255,255,0.5); font-weight: 400;\">\u00a0Desde hace 13 a\u00f1os, trabajamos para lograr la m\u00e1xima calidad en el diagn\u00f3stico por im\u00e1genes del \u00e1rea dento-maxilo facial, con la constante actualizaci\u00f3n de los equipos y de nuestro personal.<br \/>\n<\/span><\/p>\n<p>[\/stm_icon_box][\/vc_column_inner][vc_column_inner width=&#8221;1\/2&#8243; css=&#8221;.vc_custom_1443254742860{padding-bottom: 40px !important;}&#8221; offset=&#8221;vc_col-lg-3 vc_col-md-3&#8243;][stm_icon_box title_font_size=&#8221;24&#8243; title_font_weight=&#8221;300&#8243; icon=&#8221;stm-icon-dental-review&#8221; icon_size=&#8221;52&#8243; icon_height=&#8221;90&#8243; title=&#8221;Educaci\u00f3n<br \/>\ncontinua&#8221; link=&#8221;||&#8221; title_color=&#8221;#ffffff&#8221;]<\/p>\n<p class=\"p1\"><span style=\"color: rgba(255,255,255,0.5); font-weight: 400;\">Agendamiento de hora en horarios flexibles que se acomodan a las urgencias nos permite una atenci\u00f3n r\u00e1pida y personalizada.<br \/>\n<\/span><\/p>\n<p>[\/stm_icon_box][\/vc_column_inner][\/vc_row_inner][vc_row_inner][vc_column_inner][vc_empty_space height=&#8221;70px&#8221;][\/vc_column_inner][\/vc_row_inner][\/vc_column][\/vc_row][vc_row full_width=&#8221;stretch_row&#8221; css=&#8221;.vc_custom_1542380508143{margin-bottom: 0px !important;padding-top: 20px !important;padding-bottom: 20px !important;background: #4c6575 url(http:\/\/www.agenciakrea.cl\/proyectos\/radix\/wp-content\/uploads\/2018\/11\/fondo_radix.jpg?id=1371) !important;}&#8221;][vc_column css=&#8221;.vc_custom_1443264932250{padding-top: 30px !important;padding-bottom: 30px !important;}&#8221;][vc_row_inner][vc_column_inner][vc_empty_space height=&#8221;70px&#8221;][\/vc_column_inner][\/vc_row_inner][vc_row_inner][vc_column_inner width=&#8221;1\/2&#8243;][vc_custom_heading text=&#8221;Educaci\u00f3n y Capacitaciones&#8221; font_container=&#8221;tag:div|font_size:30px|text_align:left|color:%23ffffff|line_height:40px&#8221; use_theme_fonts=&#8221;yes&#8221; css=&#8221;.vc_custom_1543341267476{margin-bottom: 30px !important;}&#8221;][vc_column_text]<span style=\"font-size: 12pt; color: #ffffff;\">Realizamos talleres y cursos focalizados y especializados tanto en teor\u00eda como pr\u00e1ctica. El objetivo es potenciar el uso y manejo de SOFTWARE TOMOGRAF\u00cdA DIGITAL EN:<\/span><\/p>\n<ul>\n<li><span style=\"font-size: 12pt; color: #ffffff;\">EZ 3D PLUS<\/span><\/li>\n<li><span style=\"font-size: 12pt; color: #ffffff;\">EZ IMPLANT<\/span><\/li>\n<li><span style=\"font-size: 12pt; color: #ffffff;\">ONDEMAND3D<\/span><\/li>\n<li><span style=\"color: #ffffff;\">IN2GUIDE<\/span><\/li>\n<\/ul>\n<p>[\/vc_column_text][\/vc_column_inner][vc_column_inner width=&#8221;1\/2&#8243;][vc_custom_heading text=&#8221;Consultor\u00edas Focalizadas&#8221; font_container=&#8221;tag:div|font_size:30px|text_align:left|color:%23ffffff|line_height:40px&#8221; use_theme_fonts=&#8221;yes&#8221; css=&#8221;.vc_custom_1542125881204{margin-bottom: 30px !important;}&#8221;][vc_column_text]<span style=\"font-size: 12pt; color: #ffffff;\">Dirigido a centros radiol\u00f3gicos que sientan la necesidad de implementar procesos de mejora continua para su cl\u00ednica, dise\u00f1ado en proporcionar recomendaciones e implementar medidas apropiadas para aumentar la productividad y competitividad\u00a0<\/span>[\/vc_column_text][\/vc_column_inner][\/vc_row_inner][vc_row_inner][vc_column_inner][vc_btn title=&#8221;Cont\u00e1ctenos&#8221; color=&#8221;primary&#8221; align=&#8221;center&#8221; link=&#8221;url:http%3A%2F%2Fwww.agenciakrea.cl%2Fproyectos%2Fradix%2Fcontact-us%2F|||&#8221;][\/vc_column_inner][\/vc_row_inner][vc_row_inner][vc_column_inner][vc_empty_space height=&#8221;70px&#8221;][\/vc_column_inner][\/vc_row_inner][\/vc_column][\/vc_row][vc_row][vc_column][vc_empty_space height=&#8221;70px&#8221;][vc_custom_heading text=&#8221;Nuestras Sucursales&#8221; font_container=&#8221;tag:h2|text_align:center|color:%234c4c4c|line_height:Contamos%20con%203%20sucursales%20en%20la%20regi%C3%B3n%20metropolitana%20para%20ofrecer%20el%20mejor%20servicio%20de%20radiolog%C3%ADa.&#8221; use_theme_fonts=&#8221;yes&#8221; css=&#8221;.vc_custom_1712334050697{margin-bottom: 20px !important;}&#8221;][\/vc_column][\/vc_row][vc_row full_width=&#8221;stretch_row&#8221;][vc_column width=&#8221;1\/3&#8243;][vc_empty_space][stm_contacts_widget style=&#8221;style_2&#8243; address=&#8221;Luis Thayer Ojeda Sur 166,<br \/>\nOficina 405,<br \/>\nProvidencia&#8221; email=&#8221;contacto@radixradiologia.com&#8221; phone=&#8221;+56 2 29462998&#8243; hours=&#8221;Lun-Vier de 10.00 a 19.00 hrs.<br \/>\nS\u00e1bado de 10.00 a 13.00 hrs.<br \/>\n&#8221; title=&#8221;CASA MATRIZ&#8221; css=&#8221;.vc_custom_1712335316889{padding-top: 20px !important;padding-right: 20px !important;padding-bottom: 20px !important;padding-left: 20px !important;}&#8221;][vc_empty_space][\/vc_column][vc_column width=&#8221;1\/3&#8243;][vc_empty_space][stm_contacts_widget style=&#8221;style_2&#8243; address=&#8221;Lo Fontecilla 201,<br \/>\nTorre B of.825<br \/>\nLas Condes&#8221; email=&#8221;contacto@radixradiologia.com&#8221; phone=&#8221;+56 2 22453596&#8243; hours=&#8221;Lun-Vier de 10.00 a 19.00 hrs.<br \/>\nS\u00e1bado de 10.00 a 13.00 hrs.&#8221; title=&#8221;SUCURSAL FONTECILLA&#8221; css=&#8221;.vc_custom_1712335383159{padding-top: 20px !important;padding-right: 20px !important;padding-bottom: 20px !important;padding-left: 20px !important;}&#8221;][vc_empty_space][\/vc_column][vc_column width=&#8221;1\/3&#8243;][vc_empty_space][stm_contacts_widget style=&#8221;style_2&#8243; address=&#8221;Balmaceda 1429 of 308<br \/>\nCentro de negocios arenas<br \/>\nTalagante&#8221; email=&#8221;contacto@radixradiologia.com&#8221; phone=&#8221;+56 9 6199 0172&#8243; hours=&#8221;Lun-Vier de 9:30 a 14:00 &#8211; 15:00 a 18:30&#8243; title=&#8221;SUCURSAL TALAGANTE&#8221; css=&#8221;.vc_custom_1712335392488{padding-top: 20px !important;padding-right: 20px !important;padding-bottom: 20px !important;padding-left: 20px !important;}&#8221;][vc_empty_space][\/vc_column][\/vc_row][vc_row][vc_column][vc_empty_space height=&#8221;70px&#8221;][\/vc_column][\/vc_row]<\/p>\n","protected":false},"excerpt":{"rendered":"<p>[vc_row full_width=&#8221;stretch_row_content&#8221; css=&#8221;.vc_custom_1712342341688{margin-bottom: 0px !important;}&#8221;][vc_column][rev_slider_vc alias=&#8221;main_slider&#8221;][\/vc_column][\/vc_row][vc_row el_class=&#8221;overflowed_content&#8221; css=&#8221;.vc_custom_1439880673570{margin-bottom: 0px !important;}&#8221;][vc_column width=&#8221;1\/3&#8243; css=&#8221;.vc_custom_1439878727322{margin-top: -100px !important;padding-right: 0px !important;}&#8221;][stm_icon_box icon=&#8221;stm-icon-dental-drill&#8221; style=&#8221;icon_right&#8221; icon_size=&#8221;90&#8243; animation=&#8221;enable&#8221; icon_width=&#8221;100&#8243; title=&#8221;ESPECIALIDADES&#8221; css=&#8221;.vc_custom_1542729129723{padding-top: 45px !important;padding-right: 40px !important;padding-bottom: 45px !important;padding-left: 40px !important;background-color: #15355b !important;}&#8221; link=&#8221;url:http%3A%2F%2Fwww.agenciakrea.cl%2Fproyectos%2Fradix%2Fservices%2F|title:Especialidades||&#8221;] Conoce nuestras especialidades cl\u00ednicas [\/stm_icon_box][\/vc_column][vc_column width=&#8221;1\/3&#8243; css=&#8221;.vc_custom_1439878731029{margin-top: -100px !important;padding-right: 0px !important;padding-left: 0px !important;}&#8221;][stm_icon_box icon=&#8221;stm-icon-tooth-4&#8243; style=&#8221;icon_right&#8221; icon_size=&#8221;90&#8243; animation=&#8221;enable&#8221; title=&#8221;TECNOLOG\u00cdA&#8221; css=&#8221;.vc_custom_1542729175396{padding-top: 45px !important;padding-right:&#8230;<\/p>\n","protected":false},"author":1,"featured_media":0,"parent":0,"menu_order":0,"comment_status":"closed","ping_status":"closed","template":"","meta":{"footnotes":""},"class_list":["post-1137","page","type-page","status-publish","hentry"],"_links":{"self":[{"href":"https:\/\/www.radixradiologia.com\/web\/wp-json\/wp\/v2\/pages\/1137","targetHints":{"allow":["GET"]}}],"collection":[{"href":"https:\/\/www.radixradiologia.com\/web\/wp-json\/wp\/v2\/pages"}],"about":[{"href":"https:\/\/www.radixradiologia.com\/web\/wp-json\/wp\/v2\/types\/page"}],"author":[{"embeddable":true,"href":"https:\/\/www.radixradiologia.com\/web\/wp-json\/wp\/v2\/users\/1"}],"replies":[{"embeddable":true,"href":"https:\/\/www.radixradiologia.com\/web\/wp-json\/wp\/v2\/comments?post=1137"}],"version-history":[{"count":164,"href":"https:\/\/www.radixradiologia.com\/web\/wp-json\/wp\/v2\/pages\/1137\/revisions"}],"predecessor-version":[{"id":1534,"href":"https:\/\/www.radixradiologia.com\/web\/wp-json\/wp\/v2\/pages\/1137\/revisions\/1534"}],"wp:attachment":[{"href":"https:\/\/www.radixradiologia.com\/web\/wp-json\/wp\/v2\/media?parent=1137"}],"curies":[{"name":"wp","href":"https:\/\/api.w.org\/{rel}","templated":true}]}}